{"id":219,"date":"2019-06-27T21:22:23","date_gmt":"2019-06-27T19:22:23","guid":{"rendered":"https:\/\/www.grainesdemiel.com\/?post_type=product&#038;p=219"},"modified":"2025-10-19T19:37:28","modified_gmt":"2025-10-19T17:37:28","slug":"miel-de-printemps-500g","status":"publish","type":"product","link":"https:\/\/www.grainesdemiel.com\/index.php\/produit\/miel-de-printemps-500g\/","title":{"rendered":"Miel de Fleurs de Printemps &#8211; 500g"},"content":{"rendered":"<p>Intens\u00e9ment parfum\u00e9, le miel de Printemps fait \u00e9cho \u00e0 nos paysages fleuris qui s&rsquo;ornent de d\u00e9licats bourgeons \u00e0 l&rsquo;arriv\u00e9e des beaux jours.<\/p>\n<p>La diversit\u00e9 florale de l&rsquo;environnement de nos ruchers nous permet de b\u00e9n\u00e9ficier de floraisons telles que :<\/p>\n<ul>\n<li>Le saule marsault<\/li>\n<li>Le prunellier (dit \u00ab\u00a0\u00e9pine noire\u00a0\u00bb)<\/li>\n<li>L&rsquo;aub\u00e9pine<\/li>\n<li>Le pommier<\/li>\n<li>Le cerisier<\/li>\n<li>Le pissenlit<\/li>\n<li>Le colza<\/li>\n<\/ul>\n<p>Cocktail luxuriant en bouche, la diversit\u00e9 de plantes qui le composent en font un nectar qui s\u00e9duit de nombreux amateurs de miel.<\/p>\n<p>Le miel de fleurs de printemps est extrait d\u00e9but mai. C&rsquo;est la premi\u00e8re extraction de la saison apicole qui d\u00e9marre d\u00e8s la fin de l&rsquo;hiver et s&rsquo;\u00e9tend jusqu&rsquo;\u00e0 la fin de l&rsquo;\u00e9t\u00e9.<\/p>\n<h2>Ses caract\u00e9ristiques<\/h2>\n<p>&#8211;\u00a0<strong>Couleur :<\/strong> un miel tr\u00e8s peu color\u00e9 (de jaune tr\u00e8s clair \u00e0 ambr\u00e9 clair)<br \/>\n&#8211;\u00a0<strong>Texture :<\/strong>\u00a0\u00e9paisse, cr\u00e9meuse<br \/>\n&#8211; <strong>Parfum et saveur :<\/strong> variable, se caract\u00e9rise par des effluves florales, un go\u00fbt l\u00e9g\u00e8rement acidul\u00e9 &amp; fruit\u00e9, des sensations de fra\u00eecheur\u00a0 \u00a0 \u00a0 \u00a0 \u00a0 \u00a0 \u00a0 \u00a0 \u00a0 \u00a0 \u00a0 \u00a0 \u00a0 \u00a0 \u00a0 \u00a0 \u00a0 \u00a0 \u00a0 \u00a0 \u00a0 \u00a0 \u00a0 \u00a0 \u00a0 \u00a0 \u00a0 \u00a0 \u00a0 \u00a0 \u00a0 \u00a0 \u00a0 \u00a0 \u00a0 \u00a0 \u00a0 \u00a0 \u00a0 \u00a0 \u00a0 \u00a0 \u00a0 \u00a0 \u00a0 \u00a0 \u00a0 \u00a0 \u00a0 \u00a0 \u00a0 \u00a0 \u00a0 &#8211; <strong>Caract\u00e9ristiques<\/strong> : miel riche en oligo\u00e9l\u00e9ments<\/p>\n<h2>Sa conservation<\/h2>\n<p>Vu sa texture,\u00a0<strong>le miel de printemps cristallise rapidement.<\/strong>\u00a0C&rsquo;est un produit qui se\u00a0<a href=\"https:\/\/www.apiculture.net\/blog\/les-conditions-ideales-conserver-miel-n30\">conserve\u00a0<\/a>bien mais \u00e0 consommer rapidement, pour peu qu&rsquo;il soit entrepos\u00e9 dans un endroit \u00e0 temp\u00e9rature ambiante et \u00e0 l&rsquo;abri de la lumi\u00e8re.<\/p>\n<p><img fetchpriority=\"high\" decoding=\"async\" class=\"alignnone size-full wp-image-585\" src=\"https:\/\/www.grainesdemiel.com\/wp-content\/uploads\/2019\/07\/Rayon-miel-de-printemps.png\" alt=\"\" width=\"539\" height=\"389\" srcset=\"https:\/\/www.grainesdemiel.com\/wp-content\/uploads\/2019\/07\/Rayon-miel-de-printemps.png 539w, https:\/\/www.grainesdemiel.com\/wp-content\/uploads\/2019\/07\/Rayon-miel-de-printemps-300x217.png 300w\" sizes=\"(max-width: 539px) 100vw, 539px\" \/><\/p>\n","protected":false},"excerpt":{"rendered":"<p>Graines de Miel &#8211; Miel de Fleurs de printemps &#8211; 500g<\/p>\n","protected":false},"featured_media":11839,"comment_status":"open","ping_status":"closed","template":"","meta":{"ocean_post_layout":"","ocean_both_sidebars_style":"","ocean_both_sidebars_content_width":0,"ocean_both_sidebars_sidebars_width":0,"ocean_sidebar":"0","ocean_second_sidebar":"0","ocean_disable_margins":"enable","ocean_add_body_class":"","ocean_shortcode_before_top_bar":"","ocean_shortcode_after_top_bar":"","ocean_shortcode_before_header":"","ocean_shortcode_after_header":"","ocean_has_shortcode":"","ocean_shortcode_after_title":"","ocean_shortcode_before_footer_widgets":"","ocean_shortcode_after_footer_widgets":"","ocean_shortcode_before_footer_bottom":"","ocean_shortcode_after_footer_bottom":"","ocean_display_top_bar":"default","ocean_display_header":"default","ocean_header_style":"","ocean_center_header_left_menu":"0","ocean_custom_header_template":"0","ocean_custom_logo":0,"ocean_custom_retina_logo":0,"ocean_custom_logo_max_width":0,"ocean_custom_logo_tablet_max_width":0,"ocean_custom_logo_mobile_max_width":0,"ocean_custom_logo_max_height":0,"ocean_custom_logo_tablet_max_height":0,"ocean_custom_logo_mobile_max_height":0,"ocean_header_custom_menu":"0","ocean_menu_typo_font_family":"0","ocean_menu_typo_font_subset":"","ocean_menu_typo_font_size":0,"ocean_menu_typo_font_size_tablet":0,"ocean_menu_typo_font_size_mobile":0,"ocean_menu_typo_font_size_unit":"px","ocean_menu_typo_font_weight":"","ocean_menu_typo_font_weight_tablet":"","ocean_menu_typo_font_weight_mobile":"","ocean_menu_typo_transform":"","ocean_menu_typo_transform_tablet":"","ocean_menu_typo_transform_mobile":"","ocean_menu_typo_line_height":0,"ocean_menu_typo_line_height_tablet":0,"ocean_menu_typo_line_height_mobile":0,"ocean_menu_typo_line_height_unit":"","ocean_menu_typo_spacing":0,"ocean_menu_typo_spacing_tablet":0,"ocean_menu_typo_spacing_mobile":0,"ocean_menu_typo_spacing_unit":"","ocean_menu_link_color":"","ocean_menu_link_color_hover":"","ocean_menu_link_color_active":"","ocean_menu_link_background":"","ocean_menu_link_hover_background":"","ocean_menu_link_active_background":"","ocean_menu_social_links_bg":"","ocean_menu_social_hover_links_bg":"","ocean_menu_social_links_color":"","ocean_menu_social_hover_links_color":"","ocean_disable_title":"default","ocean_disable_heading":"default","ocean_post_title":"","ocean_post_subheading":"","ocean_post_title_style":"","ocean_post_title_background_color":"","ocean_post_title_background":0,"ocean_post_title_bg_image_position":"","ocean_post_title_bg_image_attachment":"","ocean_post_title_bg_image_repeat":"","ocean_post_title_bg_image_size":"","ocean_post_title_height":0,"ocean_post_title_bg_overlay":0.5,"ocean_post_title_bg_overlay_color":"","ocean_disable_breadcrumbs":"default","ocean_breadcrumbs_color":"","ocean_breadcrumbs_separator_color":"","ocean_breadcrumbs_links_color":"","ocean_breadcrumbs_links_hover_color":"","ocean_display_footer_widgets":"default","ocean_display_footer_bottom":"default","ocean_custom_footer_template":"0","omw_enable_modal_window":"enable"},"product_brand":[],"product_cat":[19],"product_tag":[24,22,27],"class_list":{"0":"post-219","1":"product","2":"type-product","3":"status-publish","4":"has-post-thumbnail","6":"product_cat-pot-de-miel","7":"product_tag-500g","8":"product_tag-miel","9":"product_tag-printemps","11":"entry","12":"has-media","14":"first","15":"outofstock","16":"purchasable","17":"product-type-simple","18":"has-product-nav","19":"col","20":"span_1_of_3","21":"owp-content-center","22":"owp-thumbs-layout-horizontal","23":"owp-btn-normal","24":"owp-tabs-layout-horizontal","25":"has-no-thumbnails"},"yoast_head":"<!-- This site is optimized with the Yoast SEO plugin v25.4 - https:\/\/yoast.com\/wordpress\/plugins\/seo\/ -->\n<title>Miel de Fleurs de Printemps - 500g - Graines de Miel<\/title>\n<meta name=\"description\" content=\"Graines de Miel - Le monde du miel et ses bienfaits dans votre vie - Vente, Informations, Partages - Happy&#039;cultrice en Loire-Atlantique au coeur du parc naturel de la Bri\u00e8re\" \/>\n<meta name=\"robots\" content=\"index, follow, max-snippet:-1, max-image-preview:large, max-video-preview:-1\" \/>\n<link rel=\"canonical\" href=\"https:\/\/www.grainesdemiel.com\/index.php\/produit\/miel-de-printemps-500g\/\" \/>\n<meta property=\"og:locale\" content=\"fr_FR\" \/>\n<meta property=\"og:type\" content=\"article\" \/>\n<meta property=\"og:title\" content=\"Miel de Fleurs de Printemps - 500g - Graines de Miel\" \/>\n<meta property=\"og:description\" content=\"Graines de Miel - Le monde du miel et ses bienfaits dans votre vie - Vente, Informations, Partages - Happy&#039;cultrice en Loire-Atlantique au coeur du parc naturel de la Bri\u00e8re\" \/>\n<meta property=\"og:url\" content=\"https:\/\/www.grainesdemiel.com\/index.php\/produit\/miel-de-printemps-500g\/\" \/>\n<meta property=\"og:site_name\" content=\"Graines de Miel\" \/>\n<meta property=\"article:modified_time\" content=\"2025-10-19T17:37:28+00:00\" \/>\n<meta property=\"og:image\" content=\"https:\/\/www.grainesdemiel.com\/wp-content\/uploads\/2019\/06\/pot-de-miel-PRINTEMPS-500.webp\" \/>\n\t<meta property=\"og:image:width\" content=\"424\" \/>\n\t<meta property=\"og:image:height\" content=\"600\" \/>\n\t<meta property=\"og:image:type\" content=\"image\/webp\" \/>\n<meta name=\"twitter:card\" content=\"summary_large_image\" \/>\n<meta name=\"twitter:label1\" content=\"Dur\u00e9e de lecture estim\u00e9e\" \/>\n\t<meta name=\"twitter:data1\" content=\"2 minutes\" \/>\n<script type=\"application\/ld+json\" class=\"yoast-schema-graph\">{\"@context\":\"https:\/\/schema.org\",\"@graph\":[{\"@type\":\"WebPage\",\"@id\":\"https:\/\/www.grainesdemiel.com\/index.php\/produit\/miel-de-printemps-500g\/\",\"url\":\"https:\/\/www.grainesdemiel.com\/index.php\/produit\/miel-de-printemps-500g\/\",\"name\":\"Miel de Fleurs de Printemps - 500g - Graines de Miel\",\"isPartOf\":{\"@id\":\"https:\/\/www.grainesdemiel.com\/#website\"},\"primaryImageOfPage\":{\"@id\":\"https:\/\/www.grainesdemiel.com\/index.php\/produit\/miel-de-printemps-500g\/#primaryimage\"},\"image\":{\"@id\":\"https:\/\/www.grainesdemiel.com\/index.php\/produit\/miel-de-printemps-500g\/#primaryimage\"},\"thumbnailUrl\":\"https:\/\/www.grainesdemiel.com\/wp-content\/uploads\/2019\/06\/pot-de-miel-PRINTEMPS-500.webp\",\"datePublished\":\"2019-06-27T19:22:23+00:00\",\"dateModified\":\"2025-10-19T17:37:28+00:00\",\"description\":\"Graines de Miel - Le monde du miel et ses bienfaits dans votre vie - Vente, Informations, Partages - Happy'cultrice en Loire-Atlantique au coeur du parc naturel de la Bri\u00e8re\",\"breadcrumb\":{\"@id\":\"https:\/\/www.grainesdemiel.com\/index.php\/produit\/miel-de-printemps-500g\/#breadcrumb\"},\"inLanguage\":\"fr-FR\",\"potentialAction\":[{\"@type\":\"ReadAction\",\"target\":[\"https:\/\/www.grainesdemiel.com\/index.php\/produit\/miel-de-printemps-500g\/\"]}]},{\"@type\":\"ImageObject\",\"inLanguage\":\"fr-FR\",\"@id\":\"https:\/\/www.grainesdemiel.com\/index.php\/produit\/miel-de-printemps-500g\/#primaryimage\",\"url\":\"https:\/\/www.grainesdemiel.com\/wp-content\/uploads\/2019\/06\/pot-de-miel-PRINTEMPS-500.webp\",\"contentUrl\":\"https:\/\/www.grainesdemiel.com\/wp-content\/uploads\/2019\/06\/pot-de-miel-PRINTEMPS-500.webp\",\"width\":424,\"height\":600},{\"@type\":\"BreadcrumbList\",\"@id\":\"https:\/\/www.grainesdemiel.com\/index.php\/produit\/miel-de-printemps-500g\/#breadcrumb\",\"itemListElement\":[{\"@type\":\"ListItem\",\"position\":1,\"name\":\"Accueil\",\"item\":\"https:\/\/www.grainesdemiel.com\/\"},{\"@type\":\"ListItem\",\"position\":2,\"name\":\"Boutique en ligne\",\"item\":\"https:\/\/www.grainesdemiel.com\/index.php\/boutique-en-ligne\/\"},{\"@type\":\"ListItem\",\"position\":3,\"name\":\"Miel de Fleurs de Printemps &#8211; 500g\"}]},{\"@type\":\"WebSite\",\"@id\":\"https:\/\/www.grainesdemiel.com\/#website\",\"url\":\"https:\/\/www.grainesdemiel.com\/\",\"name\":\"Graines de Miel\",\"description\":\"La Nature et ses Bienfaits dans notre Vie\",\"publisher\":{\"@id\":\"https:\/\/www.grainesdemiel.com\/#organization\"},\"potentialAction\":[{\"@type\":\"SearchAction\",\"target\":{\"@type\":\"EntryPoint\",\"urlTemplate\":\"https:\/\/www.grainesdemiel.com\/?s={search_term_string}\"},\"query-input\":{\"@type\":\"PropertyValueSpecification\",\"valueRequired\":true,\"valueName\":\"search_term_string\"}}],\"inLanguage\":\"fr-FR\"},{\"@type\":\"Organization\",\"@id\":\"https:\/\/www.grainesdemiel.com\/#organization\",\"name\":\"Graines de miel\",\"url\":\"https:\/\/www.grainesdemiel.com\/\",\"logo\":{\"@type\":\"ImageObject\",\"inLanguage\":\"fr-FR\",\"@id\":\"https:\/\/www.grainesdemiel.com\/#\/schema\/logo\/image\/\",\"url\":\"https:\/\/www.grainesdemiel.com\/wp-content\/uploads\/2018\/12\/logo-full-small-grainesdemiel.png\",\"contentUrl\":\"https:\/\/www.grainesdemiel.com\/wp-content\/uploads\/2018\/12\/logo-full-small-grainesdemiel.png\",\"width\":400,\"height\":145,\"caption\":\"Graines de miel\"},\"image\":{\"@id\":\"https:\/\/www.grainesdemiel.com\/#\/schema\/logo\/image\/\"}}]}<\/script>\n<!-- \/ Yoast SEO plugin. -->","yoast_head_json":{"title":"Miel de Fleurs de Printemps - 500g - Graines de Miel","description":"Graines de Miel - Le monde du miel et ses bienfaits dans votre vie - Vente, Informations, Partages - Happy'cultrice en Loire-Atlantique au coeur du parc naturel de la Bri\u00e8re","robots":{"index":"index","follow":"follow","max-snippet":"max-snippet:-1","max-image-preview":"max-image-preview:large","max-video-preview":"max-video-preview:-1"},"canonical":"https:\/\/www.grainesdemiel.com\/index.php\/produit\/miel-de-printemps-500g\/","og_locale":"fr_FR","og_type":"article","og_title":"Miel de Fleurs de Printemps - 500g - Graines de Miel","og_description":"Graines de Miel - Le monde du miel et ses bienfaits dans votre vie - Vente, Informations, Partages - Happy'cultrice en Loire-Atlantique au coeur du parc naturel de la Bri\u00e8re","og_url":"https:\/\/www.grainesdemiel.com\/index.php\/produit\/miel-de-printemps-500g\/","og_site_name":"Graines de Miel","article_modified_time":"2025-10-19T17:37:28+00:00","og_image":[{"width":424,"height":600,"url":"https:\/\/www.grainesdemiel.com\/wp-content\/uploads\/2019\/06\/pot-de-miel-PRINTEMPS-500.webp","type":"image\/webp"}],"twitter_card":"summary_large_image","twitter_misc":{"Dur\u00e9e de lecture estim\u00e9e":"2 minutes"},"schema":{"@context":"https:\/\/schema.org","@graph":[{"@type":"WebPage","@id":"https:\/\/www.grainesdemiel.com\/index.php\/produit\/miel-de-printemps-500g\/","url":"https:\/\/www.grainesdemiel.com\/index.php\/produit\/miel-de-printemps-500g\/","name":"Miel de Fleurs de Printemps - 500g - Graines de Miel","isPartOf":{"@id":"https:\/\/www.grainesdemiel.com\/#website"},"primaryImageOfPage":{"@id":"https:\/\/www.grainesdemiel.com\/index.php\/produit\/miel-de-printemps-500g\/#primaryimage"},"image":{"@id":"https:\/\/www.grainesdemiel.com\/index.php\/produit\/miel-de-printemps-500g\/#primaryimage"},"thumbnailUrl":"https:\/\/www.grainesdemiel.com\/wp-content\/uploads\/2019\/06\/pot-de-miel-PRINTEMPS-500.webp","datePublished":"2019-06-27T19:22:23+00:00","dateModified":"2025-10-19T17:37:28+00:00","description":"Graines de Miel - Le monde du miel et ses bienfaits dans votre vie - Vente, Informations, Partages - Happy'cultrice en Loire-Atlantique au coeur du parc naturel de la Bri\u00e8re","breadcrumb":{"@id":"https:\/\/www.grainesdemiel.com\/index.php\/produit\/miel-de-printemps-500g\/#breadcrumb"},"inLanguage":"fr-FR","potentialAction":[{"@type":"ReadAction","target":["https:\/\/www.grainesdemiel.com\/index.php\/produit\/miel-de-printemps-500g\/"]}]},{"@type":"ImageObject","inLanguage":"fr-FR","@id":"https:\/\/www.grainesdemiel.com\/index.php\/produit\/miel-de-printemps-500g\/#primaryimage","url":"https:\/\/www.grainesdemiel.com\/wp-content\/uploads\/2019\/06\/pot-de-miel-PRINTEMPS-500.webp","contentUrl":"https:\/\/www.grainesdemiel.com\/wp-content\/uploads\/2019\/06\/pot-de-miel-PRINTEMPS-500.webp","width":424,"height":600},{"@type":"BreadcrumbList","@id":"https:\/\/www.grainesdemiel.com\/index.php\/produit\/miel-de-printemps-500g\/#breadcrumb","itemListElement":[{"@type":"ListItem","position":1,"name":"Accueil","item":"https:\/\/www.grainesdemiel.com\/"},{"@type":"ListItem","position":2,"name":"Boutique en ligne","item":"https:\/\/www.grainesdemiel.com\/index.php\/boutique-en-ligne\/"},{"@type":"ListItem","position":3,"name":"Miel de Fleurs de Printemps &#8211; 500g"}]},{"@type":"WebSite","@id":"https:\/\/www.grainesdemiel.com\/#website","url":"https:\/\/www.grainesdemiel.com\/","name":"Graines de Miel","description":"La Nature et ses Bienfaits dans notre Vie","publisher":{"@id":"https:\/\/www.grainesdemiel.com\/#organization"},"potentialAction":[{"@type":"SearchAction","target":{"@type":"EntryPoint","urlTemplate":"https:\/\/www.grainesdemiel.com\/?s={search_term_string}"},"query-input":{"@type":"PropertyValueSpecification","valueRequired":true,"valueName":"search_term_string"}}],"inLanguage":"fr-FR"},{"@type":"Organization","@id":"https:\/\/www.grainesdemiel.com\/#organization","name":"Graines de miel","url":"https:\/\/www.grainesdemiel.com\/","logo":{"@type":"ImageObject","inLanguage":"fr-FR","@id":"https:\/\/www.grainesdemiel.com\/#\/schema\/logo\/image\/","url":"https:\/\/www.grainesdemiel.com\/wp-content\/uploads\/2018\/12\/logo-full-small-grainesdemiel.png","contentUrl":"https:\/\/www.grainesdemiel.com\/wp-content\/uploads\/2018\/12\/logo-full-small-grainesdemiel.png","width":400,"height":145,"caption":"Graines de miel"},"image":{"@id":"https:\/\/www.grainesdemiel.com\/#\/schema\/logo\/image\/"}}]}},"_links":{"self":[{"href":"https:\/\/www.grainesdemiel.com\/index.php\/wp-json\/wp\/v2\/product\/219","targetHints":{"allow":["GET"]}}],"collection":[{"href":"https:\/\/www.grainesdemiel.com\/index.php\/wp-json\/wp\/v2\/product"}],"about":[{"href":"https:\/\/www.grainesdemiel.com\/index.php\/wp-json\/wp\/v2\/types\/product"}],"replies":[{"embeddable":true,"href":"https:\/\/www.grainesdemiel.com\/index.php\/wp-json\/wp\/v2\/comments?post=219"}],"version-history":[{"count":3,"href":"https:\/\/www.grainesdemiel.com\/index.php\/wp-json\/wp\/v2\/product\/219\/revisions"}],"predecessor-version":[{"id":11885,"href":"https:\/\/www.grainesdemiel.com\/index.php\/wp-json\/wp\/v2\/product\/219\/revisions\/11885"}],"wp:featuredmedia":[{"embeddable":true,"href":"https:\/\/www.grainesdemiel.com\/index.php\/wp-json\/wp\/v2\/media\/11839"}],"wp:attachment":[{"href":"https:\/\/www.grainesdemiel.com\/index.php\/wp-json\/wp\/v2\/media?parent=219"}],"wp:term":[{"taxonomy":"product_brand","embeddable":true,"href":"https:\/\/www.grainesdemiel.com\/index.php\/wp-json\/wp\/v2\/product_brand?post=219"},{"taxonomy":"product_cat","embeddable":true,"href":"https:\/\/www.grainesdemiel.com\/index.php\/wp-json\/wp\/v2\/product_cat?post=219"},{"taxonomy":"product_tag","embeddable":true,"href":"https:\/\/www.grainesdemiel.com\/index.php\/wp-json\/wp\/v2\/product_tag?post=219"}],"curies":[{"name":"wp","href":"https:\/\/api.w.org\/{rel}","templated":true}]}}